{"id":201,"date":"2018-05-17T21:24:24","date_gmt":"2018-05-17T20:24:24","guid":{"rendered":"http:\/\/wp.imgruenengrund.de\/?page_id=201"},"modified":"2018-05-25T08:47:30","modified_gmt":"2018-05-25T07:47:30","slug":"datenschutz","status":"publish","type":"page","link":"https:\/\/imgruenengrund.de\/?page_id=201","title":{"rendered":"Datenschutz"},"content":{"rendered":"<p class=\"western\" align=\"left\"><span style=\"font-size: medium;\"><b>Datenschutzerkl\u00e4rung<\/b><\/span><\/p>\n<p class=\"western\">Die nachfolgende Datenschutzerkl\u00e4rung gilt f\u00fcr die Nutzung <span lang=\"de-DE\">unseres Online-Angebots<\/span> <span lang=\"de-DE\">www.imgruenengrund.de<\/span><i> <\/i><span lang=\"de-DE\">(nachfolgend \u201eWebsite\u201c)<\/span>.<\/p>\n<p class=\"western\">Wir messen dem Datenschutz gro\u00dfe Bedeutung bei. Die Erhebung und Verarbeitung Ihrer personenbezogenen Daten geschieht unter Beachtung der geltenden datenschutzrechtlichen Vorschriften, insbesondere der Datenschutzgrundverordnung (DSGVO).<\/p>\n<ol>\n<li>\n<h1 class=\"western\" lang=\"de-DE\">Verantwortlicher<\/h1>\n<\/li>\n<\/ol>\n<p class=\"western\">Verantwortliche<span lang=\"de-DE\">r<\/span> f\u00fcr die Erhebung, Verarbeitung und Nutzung Ihrer <span lang=\"de-DE\">p<\/span>ersonenbezogenen Daten im Sinne <span lang=\"de-DE\">von Art. 4 Nr. 7 DSGVO <\/span>ist<\/p>\n<p class=\"western\" align=\"left\"><strong>Gasthof \u201eIm Gr\u00fcnen Grund\u201c<br \/>\nIm Grund 1<br \/>\n09430 Drebach<\/strong><\/p>\n<p class=\"western\" align=\"left\"><strong>Telefon: 03725 77 202<\/strong><\/p>\n<p class=\"western\" align=\"left\"><strong>E-Mail: info@imgruenengrund.de<\/strong><\/p>\n<p class=\"western\">Sofern Sie der Erhebung, Verarbeitung oder Nutzung Ihrer Daten durch uns nach Ma\u00dfgabe dieser Datenschutzbestimmungen insgesamt oder f\u00fcr einzelne Ma\u00dfnahmen widersprechen wollen, k\u00f6nnen Sie Ihren Widerspruch <span lang=\"de-DE\">an den Verantwortlichen richten.<\/span><\/p>\n<p class=\"western\">Sie k\u00f6nnen diese Datenschutzerkl\u00e4rung jederzeit speichern und ausdrucken.<\/p>\n<ol start=\"2\">\n<li>\n<h1 class=\"western\" lang=\"de-DE\">Allgemeine Zwecke der Verarbeitung<\/h1>\n<\/li>\n<\/ol>\n<p class=\"western\"><span lang=\"de-DE\">Wir verwenden <\/span>personenbezogene Daten zum Zweck des Betriebs der Website <span lang=\"de-DE\">und mit Ihnen in Kontakt zu treten.<\/span><\/p>\n<ol start=\"3\">\n<li>\n<h1 class=\"western\" lang=\"de-DE\">Welche Daten wir verwenden und warum<\/h1>\n<ol>\n<li>\n<h2 class=\"western\" lang=\"de-DE\">Hosting<\/h2>\n<\/li>\n<\/ol>\n<\/li>\n<\/ol>\n<p class=\"western\">Die von uns in Anspruch genommenen Hosting-Leistungen dienen der Zurverf\u00fcgungstellung der folgenden Leistungen: Infrastruktur- und Plattformdienstleistungen, Rechenkapazit\u00e4t, Speicherplatz und Datenbankdienste, Sicherheitsleistungen sowie technische Wartungsleistungen, die wir zum Zweck des Betriebs <span lang=\"de-DE\">der Website<\/span> einsetzen.<\/p>\n<p class=\"western\">Hierbei verarbeiten wir, bzw. unser Hostinganbieter Bestandsdaten, Kontaktdaten, Inhaltsdaten, Nutzungsdaten, Meta- und Kommunikationsdaten von Kunden, Interessenten und Besuchern <span lang=\"de-DE\">dieser Website<\/span> auf Grundlage unserer berechtigten Interessen an einer effizienten und sicheren Zurverf\u00fcgungstellung unser<span lang=\"de-DE\">er<\/span> <span lang=\"de-DE\">Website<\/span> gem. Art. <a href=\"https:\/\/dejure.org\/gesetze\/DSGVO\/6.html\">6<\/a> Abs. 1 <span lang=\"de-DE\">S. 1 <\/span>f<span lang=\"de-DE\">)<\/span> DSGVO i.V.m. Art. <a href=\"https:\/\/dejure.org\/gesetze\/DSGVO\/28.html\">28<\/a> DSGVO.<\/p>\n<ol>\n<li style=\"list-style-type: none;\">\n<ol start=\"2\">\n<li>\n<h2 class=\"western\" lang=\"de-DE\">Zugriffsdaten<\/h2>\n<\/li>\n<\/ol>\n<\/li>\n<\/ol>\n<p class=\"western\">Wir sammeln Informationen \u00fcber Sie, wenn Sie diese Website nutzen. Wir erfassen automatisch Informationen \u00fcber Ihr Nutzungsverhalten und Ihre Interaktion mit <span lang=\"de-DE\">uns und<\/span> registrieren Daten zu Ihrem Computer oder Mobilger\u00e4t. Wir erheben, speichern und nutzen Daten \u00fcber jeden Zugriff auf unser<span lang=\"de-DE\">e<\/span> <span lang=\"de-DE\">Website<\/span> (sogenannte Serverlogfiles). Zu den Zugriffsdaten geh\u00f6ren<span lang=\"de-DE\">:<\/span><\/p>\n<ul>\n<li>Name und URL der abgerufenen Datei<\/li>\n<li>Datum und Uhrzeit des Abrufs<\/li>\n<li>\u00fcbertragene Datenmenge<\/li>\n<li>Meldung \u00fcber erfolgreichen Abruf (HTTP response code)<\/li>\n<li>Browsertyp und Browserversion<\/li>\n<li>Betriebssystem<\/li>\n<li>Referer U<span lang=\"de-DE\">RL<\/span> (d.h. die zuvor besuchte Seite)<\/li>\n<li>Websites, die vom System des Nutzers \u00fcber unsere Website aufgerufen werden<\/li>\n<li>Internet-Service-Provider des Nutzers<\/li>\n<li>IP-Adresse und der anfragende Provider<\/li>\n<\/ul>\n<p class=\"western\">Wir nutzen diese Protokolldaten ohne Zuordnung zu Ihrer Person oder sonstiger Profilerstellung f\u00fcr statistische Auswertungen zum Zweck des Betriebs, der Sicherheit und der Optimierung unsere<span lang=\"de-DE\">r<\/span> <span lang=\"de-DE\">Website<\/span>, aber auch zur anonymen Erfassung der Anzahl der Besucher auf unserer Website (traffic) sowie zu<span lang=\"de-DE\">m<\/span> Umfang und zur Art der Nutzung unserer Website. Aufgrund dieser Informationen k\u00f6nnen wir den Datenverkehr analysieren, Fehler suchen und beheben und unsere Dienste verbessern.<\/p>\n<p class=\"western\"><span lang=\"de-DE\">Hierin liegt auch unser berechtigtes Interesse gem\u00e4\u00df Art 6 Abs. 1 S. 1 f) DSGVO.<\/span><\/p>\n<p class=\"western\">Wir behalten uns vor, die Protokolldaten nachtr\u00e4glich zu \u00fcberpr\u00fcfen, wenn aufgrund konkreter Anhaltspunkte der berechtigte Verdacht einer rechtswidrigen Nutzung besteht. IP-Adressen speichern wir f\u00fcr einen begrenzten Zeitraum in den Logfiles, wenn dies f\u00fcr Sicherheitszwecke erforderlich ist.<\/p>\n<ol>\n<li style=\"list-style-type: none;\">\n<ol start=\"3\">\n<li>\n<h2 class=\"western\" lang=\"de-DE\">Cookies<\/h2>\n<\/li>\n<\/ol>\n<\/li>\n<\/ol>\n<p class=\"western\">Wir verwenden <span lang=\"de-DE\">keine <\/span>sogenannte<span lang=\"de-DE\">n<\/span> Session-Cookies.<\/p>\n<ol>\n<li style=\"list-style-type: none;\">\n<ol start=\"4\">\n<li>\n<h2 class=\"western\" lang=\"de-DE\">E-Mail Kontakt<\/h2>\n<\/li>\n<\/ol>\n<\/li>\n<\/ol>\n<p class=\"western\">Wenn Sie mit uns in Kontakt treten (z. B. per Kontaktformular oder E-Mail), <span lang=\"de-DE\">verarbeiten <\/span>wir Ihre Angaben zur Bearbeitung der Anfrage sowie f\u00fcr den Fall, dass Anschlussfragen entstehen.<\/p>\n<p class=\"western\"><span lang=\"de-DE\">Erfolgt die Datenverarbeitung zur <\/span>Durchf\u00fchrung vorvertraglicher Ma\u00dfnahmen, die auf Ihre Anfrage hin erfolgen, bzw., wenn Sie bereits unser Kunde sind, <span lang=\"de-DE\">zur<\/span> Durchf\u00fchrung des Vertrages,<span lang=\"de-DE\"> ist <\/span>Rechtsgrundlage f\u00fcr diese Datenverarbeitung Art. 6 Abs. 1 <span lang=\"de-DE\">S<\/span>.<span lang=\"de-DE\"> 1<\/span> b) DSGVO.<\/p>\n<p class=\"western\">Weitere personenbezogene Daten <span lang=\"de-DE\">verarbeiten <\/span>wir nur, wenn Sie dazu einwilligen <span lang=\"de-DE\">(<\/span>Art. 6 Abs. 1 <span lang=\"de-DE\">S<\/span>.<span lang=\"de-DE\"> 1<\/span> <span lang=\"de-DE\">a<\/span>) DSGVO<span lang=\"de-DE\">) <\/span>oder <span lang=\"de-DE\">wir ein berechtigtes Interesse an der Verarbeitung Ihrer Daten haben (<\/span>Art. 6 Abs. 1 <span lang=\"de-DE\">S<\/span>.<span lang=\"de-DE\"> 1<\/span> <span lang=\"de-DE\">f<\/span>) DSGVO<span lang=\"de-DE\">)<\/span>.<span lang=\"de-DE\"> Ein berechtigtes Interesse liegt z. B. darin, auf Ihre E-Mail zu antworten.<\/span><\/p>\n<ol start=\"4\">\n<li>\n<h1 class=\"western\" lang=\"de-DE\">Google Maps<\/h1>\n<\/li>\n<\/ol>\n<p class=\"western\">Wir setzen auf unserer Seite die Komponente \u201eGoogle Maps\u201c der Firma Google Inc., 1600 Amphitheatre Parkway, Mountain View, CA 94043 USA, nachfolgend \u201eGoogle\u201c, ein.<\/p>\n<p class=\"western\">Bei jedem einzelnen Aufruf der Komponente \u201eGoogle Maps\u201c wird von Google ein Cookie gesetzt, um bei der Anzeige der Seite, auf der die Komponente \u201eGoogle Maps\u201c integriert ist, Nutzereinstellungen und -daten zu verarbeiten. Dieses Cookie wird im Regelfall nicht durch das Schlie\u00dfen des Browsers gel\u00f6scht, sondern l\u00e4uft nach einer bestimmten Zeit ab, soweit es nicht von Ihnen zuvor manuell gel\u00f6scht wird.<\/p>\n<p class=\"western\">Wenn Sie mit dieser Verarbeitung Ihrer Daten nicht einverstanden sind, so besteht die M\u00f6glichkeit, den Service von \u201eGoogle Maps\u201c zu deaktivieren und auf diesem Weg die \u00dcbertragung von Daten an Google zu verhindern. Dazu m\u00fcssen Sie die Java-Script-Funktion in Ihrem Browser deaktivieren. Wir weisen Sie jedoch darauf hin, dass Sie in diesem Fall die \u201eGoogle Maps\u201c nicht oder nur eingeschr\u00e4nkt nutzen k\u00f6nnen.<\/p>\n<p class=\"western\">Die Nutzung von \u201eGoogle Maps\u201c und der \u00fcber \u201eGoogle Maps\u201c erlangten Informationen erfolgt gem\u00e4\u00df den&nbsp;Google-Nutzungsbedingungen&nbsp;<\/p>\n<p class=\"western\"><a href=\"http:\/\/www.google.de\/intl\/de\/policies\/terms\/regional.html\" target=\"_blank\" rel=\"noopener\">http:\/\/www.google.de\/intl\/de\/policies\/terms\/regional.html<\/a><\/p>\n<p class=\"western\">sowie der zus\u00e4tzlichen&nbsp;Gesch\u00e4ftsbedingungen f\u00fcr \u201eGoogle Maps\u201c<\/p>\n<p class=\"western\"><a href=\"https:\/\/www.google.com\/intl\/de_de\/help\/terms_maps.html\" target=\"_blank\" rel=\"noopener\">https:\/\/www.google.com\/intl\/de_de\/help\/terms_maps.html<\/a>.<\/p>\n<ol start=\"5\">\n<li>\n<h1 class=\"western\" lang=\"de-DE\">Speicherdauer<\/h1>\n<\/li>\n<\/ol>\n<p class=\"western\"><span lang=\"de-DE\">Sofern nicht spezifisch angegeben speichern wir personenbezogene Daten nur so lange, wie dies zur Erf\u00fcllung der verfolgten Zwecke notwendig ist.<\/span><\/p>\n<p class=\"western\">In einigen F\u00e4llen sieht der Gesetzgeber die Aufbewahrung von<span lang=\"de-DE\"> personenbezogenen<\/span> Daten vor, etwa im Steuer- oder Handelsrecht. In diesen F\u00e4llen werden die Daten von uns lediglich f\u00fcr diese gesetzlichen Zwecke weiter gespeichert<span lang=\"de-DE\">,<\/span> aber nicht anderweitig verarbeitet und nach Ablauf der gesetzlichen Aufbewahrungsfrist gel\u00f6scht.<\/p>\n<ol start=\"6\">\n<li>\n<h1 class=\"western\" lang=\"de-DE\">Ihre Rechte als von der Datenverarbeitung Betroffener<\/h1>\n<\/li>\n<\/ol>\n<p class=\"western\"><span lang=\"de-DE\">Nach den anwendbaren Gesetzen haben Sie verschiedene Rechte bez\u00fcglich Ihrer personenbezogenen Daten. M\u00f6chten Sie diese Rechte geltend machen, so <\/span>richten Sie Ihre Anfrage bitte per E-Mail oder per Post unter eindeutiger Identifizierung Ihrer Person an die in Ziffer <span lang=\"de-DE\">1<\/span> genannte Adresse.<\/p>\n<p class=\"western\"><span lang=\"de-DE\">Nachfolgend finden Sie eine \u00dcbersicht \u00fcber Ihre Rechte.<\/span><\/p>\n<ol>\n<li style=\"list-style-type: none;\">\n<ol>\n<li>\n<h2 class=\"western\" lang=\"de-DE\">Recht auf Best\u00e4tigung und Auskunft<\/h2>\n<\/li>\n<\/ol>\n<\/li>\n<\/ol>\n<p class=\"western\">Sie haben das Recht auf eine \u00fcbersichtliche Auskunft \u00fcber die Verarbeitung Ihrer personenbezogenen Daten.<\/p>\n<p class=\"western\">Im Einzelnen:<\/p>\n<p class=\"western\"><span lang=\"de-DE\">Sie haben jederzeit das Recht, von uns eine Best\u00e4tigung dar\u00fcber zu erhalten, ob Sie betreffende personenbezogene Daten verarbeitet werden. Ist dies der Fall, so haben Sie das Recht, von uns eine unentgeltliche Auskunft \u00fcber die zu Ihnen gespeicherten personenbezogenen Daten nebst einer Kopie dieser Daten zu verlangen. Des Weiteren besteht ein Recht auf folgende Informationen: <\/span><\/p>\n<ol>\n<li>die Verarbeitungszwecke;<\/li>\n<li>die Kategorien personenbezogener Daten, die verarbeitet werden;<\/li>\n<li>die Empf\u00e4nger oder Kategorien von Empf\u00e4ngern, gegen\u00fcber denen die personenbezogenen Daten offengelegt worden sind oder noch offengelegt werden, insbesondere bei Empf\u00e4ngern in Drittl\u00e4ndern oder bei internationalen Organisationen;<\/li>\n<li>falls m\u00f6glich<span lang=\"de-DE\">,<\/span> die geplante Dauer, f\u00fcr die die personenbezogenen Daten gespeichert werden, oder, falls dies nicht m\u00f6glich ist, die Kriterien f\u00fcr die Festlegung dieser Dauer;<\/li>\n<li>das Bestehen eines Rechts auf Berichtigung oder L\u00f6schung der <span lang=\"de-DE\">S<\/span>ie betreffenden personenbezogenen Daten oder auf Einschr\u00e4nkung der Verarbeitung durch den Verantwortlichen oder eines Widerspruchsrechts gegen diese Verarbeitung;<\/li>\n<li>das Bestehen eines Beschwerderechts bei einer Aufsichtsbeh\u00f6rde;<\/li>\n<li>wenn die personenbezogenen Daten nicht bei <span lang=\"de-DE\">Ihnen<\/span> erhoben werden, alle verf\u00fcgbaren Informationen \u00fcber die Herkunft der Daten;<\/li>\n<li>das Bestehen einer automatisierten Entscheidungsfindung einschlie\u00dflich Profiling gem\u00e4\u00df&nbsp;<a href=\"https:\/\/dsgvo-gesetz.de\/art-22-dsgvo\/\"><span lang=\"de-DE\">Art.<\/span> 22<\/a>&nbsp;<span lang=\"de-DE\">Abs.<\/span> 1 und 4 DSGVO und \u2013 zumindest in diesen F\u00e4llen \u2013 aussagekr\u00e4ftige Informationen \u00fcber die involvierte Logik sowie die Tragweite und die angestrebten Auswirkungen einer derartigen Verarbeitung f\u00fcr <span lang=\"de-DE\">Sie<\/span>.<\/li>\n<\/ol>\n<p class=\"western\">Werden personenbezogene Daten an ein Drittland oder an eine internationale Organisation \u00fcbermittelt, so <span lang=\"de-DE\">haben Sie<\/span> das Recht, \u00fcber die geeigneten Garantien gem\u00e4\u00df Art<span lang=\"de-DE\">.<\/span> 46 DSGVO im Zusammenhang mit der \u00dcbermittlung unterrichtet zu werden.<\/p>\n<ol>\n<li style=\"list-style-type: none;\">\n<ol start=\"2\">\n<li>\n<h2 class=\"western\" lang=\"de-DE\">Recht auf Berichtigung<\/h2>\n<\/li>\n<\/ol>\n<\/li>\n<\/ol>\n<p class=\"western\">Sie haben das Recht, von uns die Berichtigung und ggf. auch Vervollst\u00e4ndigung Sie betreffender personenbezogener Daten zu verlangen.<\/p>\n<p class=\"western\">Im Einzelnen:<\/p>\n<p class=\"western\"><span lang=\"de-DE\">Sie haben<\/span> das Recht, von <span lang=\"de-DE\">uns<\/span> unverz\u00fcglich die Berichtigung <span lang=\"de-DE\">S<\/span>ie betreffender unrichtiger personenbezogener Daten zu verlangen. Unter Ber\u00fccksichtigung der Zwecke der <span lang=\"de-DE\">Verarbeitung haben Sie<\/span> das Recht, die Vervollst\u00e4ndigung unvollst\u00e4ndiger personenbezogener Daten \u2013 auch mittels einer erg\u00e4nzenden Erkl\u00e4rung \u2013 zu verlangen.<\/p>\n<ol>\n<li style=\"list-style-type: none;\">\n<ol start=\"3\">\n<li>\n<h2 class=\"western\" lang=\"de-DE\">Recht auf L\u00f6schung (&#8222;Recht auf Vergessenwerden&#8220;)<\/h2>\n<\/li>\n<\/ol>\n<\/li>\n<\/ol>\n<p class=\"western\">In einer Reihe von F\u00e4llen sind wir verpflichtet, Sie betreffende personenbezogene Daten zu l\u00f6schen.<\/p>\n<p class=\"western\">Im Einzelnen:<\/p>\n<p class=\"western\"><span lang=\"de-DE\">Sie haben<\/span> <span lang=\"de-DE\">gem\u00e4\u00df Art. 17 Abs. 1 DSGVO <\/span>das Recht, von <span lang=\"de-DE\">uns<\/span> zu verlangen, dass <span lang=\"de-DE\">S<\/span>ie betreffende personenbezogene Daten unverz\u00fcglich gel\u00f6scht werden, und wir sind verpflichtet, personenbezogene Daten unverz\u00fcglich zu l\u00f6schen, sofern einer der folgenden Gr\u00fcnde zutrifft:<\/p>\n<ol>\n<li>Die personenbezogenen Daten sind f\u00fcr die Zwecke, f\u00fcr die sie erhoben oder auf sonstige Weise verarbeitet wurden, nicht mehr notwendig.<\/li>\n<li>Sie widerrufen Ihre Einwilligung, auf die sich die Verarbeitung gem\u00e4\u00df&nbsp;<a href=\"https:\/\/dsgvo-gesetz.de\/art-6-dsgvo\/\">Art<span lang=\"de-DE\">.<\/span> 6<\/a>&nbsp;Abs<span lang=\"de-DE\">.<\/span> 1<span lang=\"de-DE\"> S. 1<\/span> a<span lang=\"de-DE\">)<\/span> DSGVO oder&nbsp;<a href=\"https:\/\/dsgvo-gesetz.de\/art-9-dsgvo\/\">Art<span lang=\"de-DE\">.<\/span> 9<\/a>&nbsp;Abs<span lang=\"de-DE\">.<\/span> 2 a<span lang=\"de-DE\">)<\/span> DSGVO st\u00fctzte, und es fehlt an einer anderweitigen Rechtsgrundlage f\u00fcr die Verarbeitung.<\/li>\n<li>Sie legen gem\u00e4\u00df&nbsp;<a href=\"https:\/\/dsgvo-gesetz.de\/art-21-dsgvo\/\">Art<span lang=\"de-DE\">.<\/span> 21<\/a>&nbsp;Abs<span lang=\"de-DE\">.<\/span> 1 DSGVO Widerspruch gegen die Verarbeitung ein und es liegen keine vorrangigen berechtigten Gr\u00fcnde f\u00fcr die Verarbeitung vor, oder Sie legen gem\u00e4\u00df&nbsp;<a href=\"https:\/\/dsgvo-gesetz.de\/art-21-dsgvo\/\">Art<span lang=\"de-DE\">.<\/span> 21<\/a>&nbsp;Abs<span lang=\"de-DE\">.<\/span> 2 DSGVO Widerspruch gegen die Verarbeitung ein.<\/li>\n<li>Die personenbezogenen Daten wurden unrechtm\u00e4\u00dfig verarbeitet.<\/li>\n<li>Die L\u00f6schung der personenbezogenen Daten ist zur Erf\u00fcllung einer rechtlichen Verpflichtung nach dem Unionsrecht oder dem Recht der Mitgliedstaaten erforderlich, dem wir unterliegen.<\/li>\n<li>Die personenbezogenen Daten wurden in Bezug auf angebotene Dienste der Informationsgesellschaft gem\u00e4\u00df&nbsp;<a href=\"https:\/\/dsgvo-gesetz.de\/art-8-dsgvo\/\">Art<span lang=\"de-DE\">.<\/span> 8<\/a>&nbsp;Abs<span lang=\"de-DE\">.<\/span> 1 DSGVO erhoben.<\/li>\n<\/ol>\n<p class=\"western\"><span lang=\"de-DE\">Haben wir<\/span> die personenbezogenen Daten \u00f6ffentlich gemacht und <span lang=\"de-DE\">sind wir<\/span> gem\u00e4\u00df <span lang=\"de-DE\">Art. 17 Abs. 1 DSGVO <\/span>zu deren L\u00f6schung verpflichtet, so <span lang=\"de-DE\">treffen wir<\/span> unter Ber\u00fccksichtigung der verf\u00fcgbaren Technologie und der Implementierungskosten angemessene Ma\u00dfnahmen, auch technischer Art, um f\u00fcr die Datenverarbeitung Verantwortliche, die die personenbezogenen Daten verarbeiten, dar\u00fcber zu informieren, dass <span lang=\"de-DE\">Sie<\/span> von ihnen die L\u00f6schung aller Links zu diesen personenbezogenen Daten oder von Kopien oder Replikationen dieser personenbezogenen Daten verlangt ha<span lang=\"de-DE\">ben<\/span>.<\/p>\n<ol>\n<li style=\"list-style-type: none;\">\n<ol start=\"4\">\n<li>\n<h2 class=\"western\" lang=\"de-DE\">Recht auf Einschr\u00e4nkung der Verarbeitung<\/h2>\n<\/li>\n<\/ol>\n<\/li>\n<\/ol>\n<p class=\"western\">In einer Reihe von F\u00e4llen sind Sie berechtigt, von uns eine Einschr\u00e4nkung der Verarbeitung Ihrer personenbezogenen Daten zu verlangen.<\/p>\n<p class=\"western\">Im Einzelnen:<\/p>\n<p class=\"western\"><span lang=\"de-DE\">Sie haben<\/span> das Recht, von <span lang=\"de-DE\">uns<\/span> die Einschr\u00e4nkung der Verarbeitung zu verlangen, wenn eine der folgenden Voraussetzungen gegeben ist:<\/p>\n<ol>\n<li>die Richtigkeit der personenbezogenen Daten <span lang=\"de-DE\">wird von Ihnen<\/span> bestritten, und zwar f\u00fcr eine Dauer, die es <span lang=\"de-DE\">uns<\/span> erm\u00f6glicht, die Richtigkeit der personenbezogenen Daten zu \u00fcberpr\u00fcfen,<\/li>\n<li>die Verarbeitung unrechtm\u00e4\u00dfig ist und <span lang=\"de-DE\">Sie<\/span> die L\u00f6schung der personenbezogenen Daten ablehnt<span lang=\"de-DE\">en <\/span>und stattdessen die Einschr\u00e4nkung der Nutzung der personenbezogenen Daten verlangt<span lang=\"de-DE\"> haben<\/span>;<\/li>\n<li>wir die personenbezogenen Daten f\u00fcr die Zwecke der Verarbeitung nicht l\u00e4nger ben\u00f6tigen, Sie die Daten jedoch zur Geltendmachung, Aus\u00fcbung oder Verteidigung von Rechtsanspr\u00fcchen ben\u00f6tigen, oder<\/li>\n<li>Sie Widerspruch gegen die Verarbeitung gem\u00e4\u00df&nbsp;<a href=\"https:\/\/dsgvo-gesetz.de\/art-21-dsgvo\/\">Art<span lang=\"de-DE\">.<\/span> 21<\/a>&nbsp;Abs<span lang=\"de-DE\">.<\/span> 1 DSGVO eingelegt haben, solange noch nicht feststeht, ob die berechtigten Gr\u00fcnde unseres Unternehmens gegen\u00fcber den Ihren \u00fcberwiegen.<\/li>\n<\/ol>\n<ol>\n<li style=\"list-style-type: none;\">\n<ol start=\"5\">\n<li>\n<h2 class=\"western\" lang=\"de-DE\">Recht auf Daten\u00fcbertragbarkeit<\/h2>\n<\/li>\n<\/ol>\n<\/li>\n<\/ol>\n<p class=\"western\">Sie haben das Recht, Sie betreffende personenbezogene Daten maschinenlesbar zu erhalten, zu \u00fcbermitteln, oder von uns \u00fcbermitteln zu lasen.<\/p>\n<p class=\"western\">Im Einzelnen:<\/p>\n<p class=\"western\">Sie haben das Recht, die Sie betreffenden personenbezogenen Daten, die <span lang=\"de-DE\">Sie <\/span>uns bereitgestellt haben, in einem strukturierten, g\u00e4ngigen und maschinenlesbaren Format zu erhalten, und Sie haben das Recht, diese Daten einem anderen Verantwortlichen ohne Behinderung durch uns zu \u00fcbermitteln, sofern<\/p>\n<ol>\n<li>die Verarbeitung auf einer Einwilligung gem\u00e4\u00df&nbsp;<a href=\"https:\/\/dsgvo-gesetz.de\/art-6-dsgvo\/\">Art<span lang=\"de-DE\">.<\/span> 6<\/a>&nbsp;Abs<span lang=\"de-DE\">.<\/span> 1<span lang=\"de-DE\"> S. 1<\/span> a<span lang=\"de-DE\">)<\/span> DSGVO oder&nbsp;<a href=\"https:\/\/dsgvo-gesetz.de\/art-9-dsgvo\/\">Art<span lang=\"de-DE\">.<\/span> 9<\/a>&nbsp;Abs<span lang=\"de-DE\">.<\/span> 2 a<span lang=\"de-DE\">)<\/span> DSGVO oder auf einem Vertrag gem\u00e4\u00df&nbsp;<a href=\"https:\/\/dsgvo-gesetz.de\/art-6-dsgvo\/\">Art<span lang=\"de-DE\">.<\/span> 6<\/a>&nbsp;Abs<span lang=\"de-DE\">.<\/span> 1<span lang=\"de-DE\"> S. 1<\/span> b<span lang=\"de-DE\">)<\/span> DSGVO beruht und<\/li>\n<li>die Verarbeitung mithilfe automatisierter Verfahren erfolgt.<\/li>\n<\/ol>\n<p class=\"western\">Bei der Aus\u00fcbung <span lang=\"de-DE\">I<\/span>hres Rechts auf Daten\u00fcbertragbarkeit gem\u00e4\u00df Absatz 1 <span lang=\"de-DE\">haben Sie <\/span>das Recht, zu erwirken, dass die personenbezogenen Daten direkt von <span lang=\"de-DE\">uns<\/span> einem anderen Verantwortlichen \u00fcbermittelt werden, soweit dies technisch machbar ist.<\/p>\n<ol>\n<li style=\"list-style-type: none;\">\n<ol start=\"6\">\n<li>\n<h2 class=\"western\" lang=\"de-DE\">Widerspruchsrecht<\/h2>\n<\/li>\n<\/ol>\n<\/li>\n<\/ol>\n<p class=\"western\">Sie haben das Recht, aus einer rechtm\u00e4\u00dfigen Verarbeitung Ihrer personenbezogenen Daten durch uns zu widersprechen, wenn sich dies aus Ihrer besonderen Situation begr\u00fcndet und unsere Interessen an der Verarbeitung nicht \u00fcberwiegen.<\/p>\n<p class=\"western\">Im Einzelnen:<\/p>\n<p class=\"western\">Sie haben das Recht, aus Gr\u00fcnden, die sich aus Ihrer besonderen Situation ergeben, jederzeit gegen die Verarbeitung <span lang=\"de-DE\">S<\/span>ie betreffender personenbezogener Daten, die aufgrund von&nbsp;<a href=\"https:\/\/dsgvo-gesetz.de\/art-6-dsgvo\/\">Art<span lang=\"de-DE\">.<\/span> 6<\/a>&nbsp;Abs<span lang=\"de-DE\">.<\/span> 1<span lang=\"de-DE\"> S. 1<\/span> e<span lang=\"de-DE\">)<\/span> oder f<span lang=\"de-DE\">)<\/span> DSGVO erfolgt, Widerspruch einzulegen; dies gilt auch f\u00fcr ein auf diese Bestimmungen gest\u00fctztes Profiling. Wir verarbeiten die personenbezogenen Daten nicht mehr, es sei denn, wir k\u00f6nnen zwingende schutzw\u00fcrdige Gr\u00fcnde f\u00fcr die Verarbeitung nachweisen, die Ihre Interessen, Rechte und Freiheiten \u00fcberwiegen, oder die Verarbeitung dient der Geltendmachung, Aus\u00fcbung oder Verteidigung von Rechtsanspr\u00fcchen.<\/p>\n<p class=\"western\">Werden personenbezogene Daten von uns verarbeitet, um Direktwerbung zu betreiben, so haben Sie das Recht, jederzeit Widerspruch gegen die Verarbeitung Sie betreffender personenbezogener Daten zum Zwecke derartiger Werbung einzulegen; dies gilt auch f\u00fcr das Profiling, soweit es mit solcher Direktwerbung in Verbindung steht.<\/p>\n<p class=\"western\">Sie haben das Recht, aus Gr\u00fcnden, die sich aus Ihrer besonderen Situation ergeben, gegen die Sie betreffende Verarbeitung <span lang=\"de-DE\">S<\/span>ie betreffender personenbezogener Daten, die zu wissenschaftlichen oder historischen Forschungszwecken oder zu statistischen Zwecken gem\u00e4\u00df&nbsp;<a href=\"https:\/\/dsgvo-gesetz.de\/art-89-dsgvo\/\">Art<span lang=\"de-DE\">.<\/span> 89<\/a>&nbsp;Abs<span lang=\"de-DE\">.<\/span> 1 DSGVO erfolgt, Widerspruch einzulegen, es sei denn, die Verarbeitung ist zur Erf\u00fcllung einer im \u00f6ffentlichen Interesse liegenden Aufgabe erforderlich.<\/p>\n<ol>\n<li style=\"list-style-type: none;\">\n<ol start=\"7\">\n<li>\n<h2 class=\"western\" lang=\"de-DE\">Automatisierte Entscheidungen einschlie\u00dflich Profiling<\/h2>\n<\/li>\n<\/ol>\n<\/li>\n<\/ol>\n<p class=\"western\"><span lang=\"de-DE\">Sie haben<\/span> das Recht, nicht einer ausschlie\u00dflich auf einer automatisierten Verarbeitung \u2013 einschlie\u00dflich Profiling \u2013 beruhenden Entscheidung unterworfen zu werden, die <span lang=\"de-DE\">Ihnen<\/span> gegen\u00fcber rechtliche Wirkung entfaltet oder <span lang=\"de-DE\">S<\/span>ie in \u00e4hnlicher Weise erheblich beeintr\u00e4chtigt.<\/p>\n<p class=\"western\"><span lang=\"de-DE\">Eine automatisierte Entscheidungsfindung auf der Grundlage der erhobenen personenbezogenen Daten findet nicht statt.<\/span><\/p>\n<ol>\n<li style=\"list-style-type: none;\">\n<ol start=\"8\">\n<li>\n<h2 class=\"western\" lang=\"de-DE\">Recht auf Widerruf einer datenschutzrechtlichen Einwilligung<\/h2>\n<\/li>\n<\/ol>\n<\/li>\n<\/ol>\n<p class=\"western\">Sie haben das Recht, eine Einwilligung zur Verarbeitung personenbezogener Daten jederzeit zu widerrufen.<\/p>\n<ol>\n<li style=\"list-style-type: none;\">\n<ol start=\"9\">\n<li>\n<h2 class=\"western\" lang=\"de-DE\">Recht auf Beschwerde bei einer Aufsichtsbeh\u00f6rde<\/h2>\n<\/li>\n<\/ol>\n<\/li>\n<\/ol>\n<p class=\"western\"><span lang=\"de-DE\">Sie haben<\/span> das Recht auf Beschwerde bei einer Aufsichtsbeh\u00f6rde, insbesondere in dem Mitgliedstaat <span lang=\"de-DE\">I<\/span>hres Aufenthaltsorts, <span lang=\"de-DE\">I<\/span>hres Arbeitsplatzes oder des Orts des mutma\u00dflichen Versto\u00dfes, <span lang=\"de-DE\">wenn Sie<\/span> der Ansicht <span lang=\"de-DE\">sind<\/span>, dass die Verarbeitung der <span lang=\"de-DE\">S<\/span>ie betreffenden personenbezogenen Daten <span lang=\"de-DE\">rechtswidrig ist<\/span>.<\/p>\n<ol start=\"7\">\n<li>\n<h1 class=\"western\" lang=\"de-DE\">Datensicherheit<\/h1>\n<\/li>\n<\/ol>\n<p class=\"western\">Wir sind um die Sicherheit Ihrer Daten im Rahmen der geltenden Datenschutzgesetze und technischen M\u00f6glichkeiten maximal bem\u00fcht.<\/p>\n<p class=\"western\">Ihre pers\u00f6nlichen Daten werden bei uns verschl\u00fcsselt \u00fcbertragen. Dies gilt f\u00fcr Ihre Kontaktaufnahme per Kontaktformular. Wir nutzen das Codierungssystem SSL (Secure Socket Layer), weisen jedoch darauf hin, dass die Daten\u00fcbertragung im Internet (z.B. bei der Kommunikation per E-Mail) Sicherheitsl\u00fccken aufweisen kann. Ein l\u00fcckenloser Schutz der Daten vor dem Zugriff durch Dritte ist nicht m\u00f6glich.<\/p>\n<p class=\"western\"><span lang=\"de-DE\">Zur Sicherung Ihrer Daten unterhalten wir technische und organisatorische Sicherungsma\u00dfnahmen entsprechend Art. 32 DSGVO, die wir immer wieder dem Stand der Technik anpassen. <\/span><\/p>\n<p class=\"western\">Wir gew\u00e4hrleisten au\u00dferdem nicht, dass unser Angebot zu bestimmten Zeiten zur Verf\u00fcgung steht; St\u00f6rungen, Unterbrechungen oder Ausf\u00e4lle k\u00f6nnen nicht ausgeschlossen werden. Die <span lang=\"de-DE\">von uns verwendeten <\/span>Server werden regelm\u00e4\u00dfig sorgf\u00e4ltig gesichert.<\/p>\n<ol start=\"8\">\n<li>\n<h1 class=\"western\" lang=\"de-DE\">Weitergabe von Daten an Dritte, keine Daten\u00fcbertragung ins Nicht-EU-Ausland<\/h1>\n<\/li>\n<\/ol>\n<p class=\"western\"><span lang=\"de-DE\">Grunds\u00e4tzlich verwenden wir Ihre personenbezogenen Daten nur innerhalb unseres Unternehmens.<\/span><\/p>\n<ol start=\"9\">\n<li>\n<h1 class=\"western\" lang=\"de-DE\">Datenschutzbeauftragter<\/h1>\n<\/li>\n<\/ol>\n<p class=\"western\">Sollten Sie noch Fragen oder Bedenken zum Datenschutz haben, so wenden Sie sich bitte an un<span lang=\"de-DE\">s.<\/span><\/p>\n","protected":false},"excerpt":{"rendered":"<p>Datenschutzerkl\u00e4rung Die nachfolgende Datenschutzerkl\u00e4rung gilt f\u00fcr die Nutzung unseres Online-Angebots www.imgruenengrund.de (nachfolgend \u201eWebsite\u201c). Wir messen dem Datenschutz gro\u00dfe Bedeutung bei. Die Erhebung und Verarbeitung Ihrer personenbezogenen Daten geschieht unter Beachtung der geltenden datenschutzrechtlichen Vorschriften, insbesondere der Datenschutzgrundverordnung (DSGVO). Verantwortlicher Verantwortlicher f\u00fcr die Erhebung, Verarbeitung und Nutzung Ihrer personenbezogenen Daten im Sinne von Art. 4 Nr.&hellip;<\/p>\n<p class=\"more-link-wrapper\"><a class=\"more-link\" href=\"https:\/\/imgruenengrund.de\/?page_id=201\">Continue<\/a><\/p>\n","protected":false},"author":1,"featured_media":0,"parent":0,"menu_order":0,"comment_status":"closed","ping_status":"closed","template":"page-templates\/template-fullwidth.php","meta":{"ngg_post_thumbnail":0,"footnotes":""},"class_list":["post-201","page","type-page","status-publish","hentry"],"_links":{"self":[{"href":"https:\/\/imgruenengrund.de\/index.php?rest_route=\/wp\/v2\/pages\/201","targetHints":{"allow":["GET"]}}],"collection":[{"href":"https:\/\/imgruenengrund.de\/index.php?rest_route=\/wp\/v2\/pages"}],"about":[{"href":"https:\/\/imgruenengrund.de\/index.php?rest_route=\/wp\/v2\/types\/page"}],"author":[{"embeddable":true,"href":"https:\/\/imgruenengrund.de\/index.php?rest_route=\/wp\/v2\/users\/1"}],"replies":[{"embeddable":true,"href":"https:\/\/imgruenengrund.de\/index.php?rest_route=%2Fwp%2Fv2%2Fcomments&post=201"}],"version-history":[{"count":5,"href":"https:\/\/imgruenengrund.de\/index.php?rest_route=\/wp\/v2\/pages\/201\/revisions"}],"predecessor-version":[{"id":213,"href":"https:\/\/imgruenengrund.de\/index.php?rest_route=\/wp\/v2\/pages\/201\/revisions\/213"}],"wp:attachment":[{"href":"https:\/\/imgruenengrund.de\/index.php?rest_route=%2Fwp%2Fv2%2Fmedia&parent=201"}],"curies":[{"name":"wp","href":"https:\/\/api.w.org\/{rel}","templated":true}]}}